{"id":1996,"date":"2025-09-30T14:00:48","date_gmt":"2025-09-30T12:00:48","guid":{"rendered":"https:\/\/reha-flex.de\/saline-rehabilitationsklinik-halle-saale\/?post_type=jobs&#038;p=1996"},"modified":"2026-02-19T11:10:49","modified_gmt":"2026-02-19T10:10:49","slug":"physiotherapeutin-m-w-d","status":"publish","type":"jobs","link":"https:\/\/reha-flex.de\/saline-rehabilitationsklinik-halle-saale\/jobs\/physiotherapeutin-m-w-d\/","title":{"rendered":"Physiotherapeut:in (m\/w\/d)"},"content":{"rendered":"<div id=\"cmsmasters_row_\" class=\"cmsmasters_row cmsmasters_color_scheme_default cmsmasters_row_top_default cmsmasters_row_bot_default cmsmasters_row_boxed\">\n<div class=\"cmsmasters_row_outer_parent\">\n<div class=\"cmsmasters_row_outer\">\n<div class=\"cmsmasters_row_inner\">\n<div class=\"cmsmasters_row_margin\">\n<div id=\"cmsmasters_column_\" class=\"cmsmasters_column one_half\">\n<div class=\"cmsmasters_column_inner\"><div class=\"cmsmasters_text\">\n<h3>Zur Verst\u00e4rkung unseres engagierten, herzlichen Teams suchen wir eine(n) motivierte(n)<\/h3>\n<h4 class=\"p1\"><span class=\"s1\"><b>Physiotherapeut:in <\/b>(m\/w\/d)<\/span><\/h4>\n<p class=\"p5\"><span class=\"s1\">die\/der mit fachlicher Kompetenz, Einf\u00fchlungsverm\u00f6gen und Freude an der Arbeit unsere Patient:innen auf ihrem Weg zur Gesundheit begleitet.<\/span><\/p>\n<h5 class=\"p1\"><span class=\"s1\"><b>DAS BIETEN WIR IHNEN:<\/b><\/span><\/h5>\n<ul>\n<li class=\"p1\">Flexible Arbeitszeiten<\/li>\n<li class=\"p1\">Abwechslungsreiche T\u00e4tigkeit<\/li>\n<li class=\"p1\">28 Urlaubstage pro Jahr zur Erholung<\/li>\n<li class=\"p1\">Leistungs- und qualifikationsgerechte Verg\u00fctung<\/li>\n<li class=\"p1\"><span class=\"s4\">Jahressonderzahlung als zus\u00e4tzliches Dankesch\u00f6n<\/span><\/li>\n<li class=\"p1\"><span class=\"s4\">Klimatisierte Behandlungsr\u00e4ume<\/span><\/li>\n<li class=\"p1\">Ein wertsch\u00e4tzendes Miteinander in einem engagierten und herzlichen Team<\/li>\n<li class=\"p1\">Regelm\u00e4\u00dfige Teamaktivit\u00e4ten zur St\u00e4rkung des Zusammenhalts<\/li>\n<li class=\"p1\">Betriebliche Altersvorsorge und Gesundheits\u00admanagement<\/li>\n<li class=\"p1\">Unterst\u00fctzung bei Fort- und Weiterbildungen<\/li>\n<li class=\"p1\">Kostenfreier Parkplatz<\/li>\n<\/ul>\n<h5 class=\"p1\"><span class=\"s1\"><b>DAS BRINGEN SIE MIT:<\/b><\/span><\/h5>\n<ul>\n<li class=\"p2\"><span class=\"s3\">Abgeschlossene Ausbildung als Physiotherapeut:in<\/span><\/li>\n<li class=\"p2\"><span class=\"s3\">Freundliches, empathisches Auftreten und Freude am Umgang mit Menschen<\/span><\/li>\n<li class=\"p2\"><span class=\"s3\">Selbstst\u00e4ndige und strukturierte Arbeitsweise<\/span><\/li>\n<li class=\"p2\"><span class=\"s3\">Interesse an pers\u00f6nlicher und fachlicher Weiter\u00adentwicklung<\/span><\/li>\n<li class=\"p2\"><span class=\"s3\">Idealerweise Fortbildungen (z.\u202fB. Manuelle Therapie, Lymphdrainage) \u2013 kein Muss, aber ein Plus!<\/span><\/li>\n<\/ul>\n<h5 class=\"p1\">KLINGT GUT? DANN BEWERBEN SIE SICH JETZT UNKOMPLIZIERT:<\/h5>\n<p class=\"p1\"><span class=\"s1\">PER MAIL: <\/span><a href=\"mailto:jobs@reha-flex.de\">jobs@reha-flex.de<\/a><\/p>\n<p class=\"p1\"><span class=\"s1\">oder<\/span><\/p>\n<p><img loading=\"lazy\" decoding=\"async\" class=\"alignnone wp-image-1260\" src=\"http:\/\/reha-flex.de\/wp-content\/uploads\/sites\/8\/2025\/04\/whatsapp_icon-500x500_sangerhausen-gruen-150x150.png\" alt=\"WhatsApp\" width=\"63\" height=\"63\" \/>\u00a0PER WHATSAPP:\u00a0<a href=\"https:\/\/wa.me\/+493452324614?text=Hallo%20rehaFlex-Team%2C\">0345 23 24 614<\/a><\/p>\n<p><span class=\"s1\"><i>Durch klicken des WhatsApp-Nummer-Links willige ich ein, dass meine personenbezogenen Daten (z.B. E-Mail-Adresse) zur Kommunikation bez\u00fcglich der Vorbereitung und Durchf\u00fchrung etwaiger Auftr\u00e4ge unter Nutzung von WhatsApp verarbeitet werden und die App zur WhatsApp-Nutzung gestartet wird. <\/i><a href=\"https:\/\/reha-flex.de\/saline-rehabilitationsklinik-halle-saale\/datenschutzerklaerung\/\"><span class=\"s2\"><i>Weitere Infos in unseren Datenschutzerkl\u00e4rungen<\/i><\/span><\/a><\/span><\/p>\n<p class=\"p1\"><strong>reha FLEX Saline Rehabilitationsklinik Halle\/Saale<\/strong><br \/>\n<strong>Mansfelder Str. 52 \u00b7 06108 Halle (Saal<\/strong>e)<\/p>\n<p><span class=\"s2\">\u00a0<\/span><\/p>\n<p><img loading=\"lazy\" decoding=\"async\" class=\"alignnone wp-image-1997 size-large\" src=\"http:\/\/reha-flex.de\/wp-content\/uploads\/sites\/2\/2025\/05\/Stellenanzeige_Physio_HAL_08.05.2025-724x1024.jpg\" alt=\"Stellenanzeige Physiotherapeut\" width=\"724\" height=\"1024\" srcset=\"https:\/\/reha-flex.de\/wp-content\/uploads\/sites\/2\/2025\/05\/Stellenanzeige_Physio_HAL_08.05.2025-724x1024.jpg 724w, https:\/\/reha-flex.de\/wp-content\/uploads\/sites\/2\/2025\/05\/Stellenanzeige_Physio_HAL_08.05.2025-212x300.jpg 212w, https:\/\/reha-flex.de\/wp-content\/uploads\/sites\/2\/2025\/05\/Stellenanzeige_Physio_HAL_08.05.2025-768x1086.jpg 768w, https:\/\/reha-flex.de\/wp-content\/uploads\/sites\/2\/2025\/05\/Stellenanzeige_Physio_HAL_08.05.2025-1086x1536.jpg 1086w, https:\/\/reha-flex.de\/wp-content\/uploads\/sites\/2\/2025\/05\/Stellenanzeige_Physio_HAL_08.05.2025-580x820.jpg 580w, https:\/\/reha-flex.de\/wp-content\/uploads\/sites\/2\/2025\/05\/Stellenanzeige_Physio_HAL_08.05.2025-860x1216.jpg 860w, https:\/\/reha-flex.de\/wp-content\/uploads\/sites\/2\/2025\/05\/Stellenanzeige_Physio_HAL_08.05.2025-1160x1641.jpg 1160w, https:\/\/reha-flex.de\/wp-content\/uploads\/sites\/2\/2025\/05\/Stellenanzeige_Physio_HAL_08.05.2025.jpg 1240w\" sizes=\"auto, (max-width: 724px) 100vw, 724px\" \/><\/p>\n<\/div>\n<\/div><\/div>\n<div id=\"cmsmasters_column_zxbb4o491p\" class=\"cmsmasters_column one_half\">\n<div class=\"cmsmasters_column_inner\"><div id=\"cmsmasters_heading_vi2eifhfui\" class=\"cmsmasters_heading_wrap cmsmasters_heading_align_left\">\n\t<h3 class=\"cmsmasters_heading\">Bewerben Sie sich hier!<\/h3>\n<\/div><div class=\"cmsmasters_text\">\n<div class=\"wpcf7 no-js\" id=\"wpcf7-f2002-o1\" lang=\"de-DE\" dir=\"ltr\" data-wpcf7-id=\"2002\">\n<div class=\"screen-reader-response\"><p role=\"status\" aria-live=\"polite\" aria-atomic=\"true\"><\/p> <ul><\/ul><\/div>\n<form action=\"\/saline-rehabilitationsklinik-halle-saale\/wp-json\/wp\/v2\/jobs\/1996#wpcf7-f2002-o1\" method=\"post\" class=\"wpcf7-form init\" aria-label=\"Kontaktformular\" enctype=\"multipart\/form-data\" novalidate=\"novalidate\" data-status=\"init\">\n<fieldset class=\"hidden-fields-container\"><input type=\"hidden\" name=\"_wpcf7\" value=\"2002\" \/><input type=\"hidden\" name=\"_wpcf7_version\" value=\"6.1.5\" \/><input type=\"hidden\" name=\"_wpcf7_locale\" value=\"de_DE_formal\" \/><input type=\"hidden\" name=\"_wpcf7_unit_tag\" value=\"wpcf7-f2002-o1\" \/><input type=\"hidden\" name=\"_wpcf7_container_post\" value=\"0\" \/><input type=\"hidden\" name=\"_wpcf7_posted_data_hash\" value=\"\" \/><input type=\"hidden\" name=\"_wpcf7cf_hidden_group_fields\" value=\"[]\" \/><input type=\"hidden\" name=\"_wpcf7cf_hidden_groups\" value=\"[]\" \/><input type=\"hidden\" name=\"_wpcf7cf_visible_groups\" value=\"[]\" \/><input type=\"hidden\" name=\"_wpcf7cf_repeaters\" value=\"[]\" \/><input type=\"hidden\" name=\"_wpcf7cf_steps\" value=\"{}\" \/><input type=\"hidden\" name=\"_wpcf7cf_options\" value=\"{&quot;form_id&quot;:2002,&quot;conditions&quot;:[],&quot;settings&quot;:{&quot;animation&quot;:&quot;yes&quot;,&quot;animation_intime&quot;:200,&quot;animation_outtime&quot;:200,&quot;conditions_ui&quot;:&quot;normal&quot;,&quot;notice_dismissed&quot;:false,&quot;notice_dismissed_rollback-cf7-5.8.7&quot;:true}}\" \/>\n<\/fieldset>\n<p><span id=\"wpcf7-69f1def9d0d1f-wrapper\" class=\"wpcf7-form-control-wrap url-wrap\" style=\"display:none !important; visibility:hidden !important;\"><label for=\"wpcf7-69f1def9d0d1f-field\" class=\"hp-message\">Bitte lassen Sie dieses Feld leer.<\/label><input id=\"wpcf7-69f1def9d0d1f-field\"  class=\"wpcf7-form-control wpcf7-text\" type=\"text\" name=\"url\" value=\"\" size=\"40\" tabindex=\"-1\" autocomplete=\"new-password\" \/><\/span><span id=\"wpcf7-69f1def9d0db4-wrapper\" class=\"wpcf7-form-control-wrap website-wrap\" style=\"display:none !important; visibility:hidden !important;\"><label for=\"wpcf7-69f1def9d0db4-field\" class=\"hp-message\">Bitte lassen Sie dieses Feld leer.<\/label><input id=\"wpcf7-69f1def9d0db4-field\"  class=\"wpcf7-form-control wpcf7-text\" type=\"text\" name=\"website\" value=\"\" size=\"40\" tabindex=\"-1\" autocomplete=\"new-password\" \/><\/span><span id=\"wpcf7-69f1def9d0e0f-wrapper\" class=\"wpcf7-form-control-wrap email-wrap\" style=\"display:none !important; visibility:hidden !important;\"><label for=\"wpcf7-69f1def9d0e0f-field\" class=\"hp-message\">Bitte lassen Sie dieses Feld leer.<\/label><input id=\"wpcf7-69f1def9d0e0f-field\"  class=\"wpcf7-form-control wpcf7-text\" type=\"text\" name=\"email\" value=\"\" size=\"40\" tabindex=\"-1\" autocomplete=\"new-password\" \/><\/span><br \/>\n<input class=\"wpcf7-form-control wpcf7-hidden\" value=\"Physiotherapeut:in, Saline\" type=\"hidden\" name=\"stellenname\" \/>\n<\/p>\n<p><strong>Haben Sie eine abgeschlossene Berufsausbildung in diesem Beruf? <sup>*<\/sup><\/strong>\n<\/p>\n<p><span class=\"wpcf7-form-control-wrap\" data-name=\"berufsausbildung\"><span class=\"wpcf7-form-control wpcf7-radio\"><span class=\"wpcf7-list-item first\"><label><input type=\"radio\" name=\"berufsausbildung\" value=\"Ja\" \/><span class=\"wpcf7-list-item-label\">Ja<\/span><\/label><\/span><span class=\"wpcf7-list-item last\"><label><input type=\"radio\" name=\"berufsausbildung\" value=\"Nein\" \/><span class=\"wpcf7-list-item-label\">Nein<\/span><\/label><\/span><\/span><\/span>\n<\/p>\n<p><strong>Wie lange arbeiten Sie schon in diesem Beruf? <sup>*<\/sup><\/strong>\n<\/p>\n<p><span class=\"wpcf7-form-control-wrap\" data-name=\"berufserfahrung\"><span class=\"wpcf7-form-control wpcf7-radio\"><span class=\"wpcf7-list-item first\"><label><input type=\"radio\" name=\"berufserfahrung\" value=\"unter 1 Jahr\" \/><span class=\"wpcf7-list-item-label\">unter 1 Jahr<\/span><\/label><\/span><span class=\"wpcf7-list-item\"><label><input type=\"radio\" name=\"berufserfahrung\" value=\"1 bis 2 Jahre\" \/><span class=\"wpcf7-list-item-label\">1 bis 2 Jahre<\/span><\/label><\/span><span class=\"wpcf7-list-item\"><label><input type=\"radio\" name=\"berufserfahrung\" value=\"2 bis 3 Jahre\" \/><span class=\"wpcf7-list-item-label\">2 bis 3 Jahre<\/span><\/label><\/span><span class=\"wpcf7-list-item\"><label><input type=\"radio\" name=\"berufserfahrung\" value=\"3 bis 4 Jahre\" \/><span class=\"wpcf7-list-item-label\">3 bis 4 Jahre<\/span><\/label><\/span><span class=\"wpcf7-list-item last\"><label><input type=\"radio\" name=\"berufserfahrung\" value=\"mehr als 4 Jahre\" \/><span class=\"wpcf7-list-item-label\">mehr als 4 Jahre<\/span><\/label><\/span><\/span><\/span>\n<\/p>\n<p><strong>Wie viele Stunden pro Woche m\u00f6chten Sie arbeiten? <sup>*<\/sup><\/strong>\n<\/p>\n<p><span class=\"wpcf7-form-control-wrap\" data-name=\"arbeitszeit\"><span class=\"wpcf7-form-control wpcf7-radio\"><span class=\"wpcf7-list-item first\"><label><input type=\"radio\" name=\"arbeitszeit\" value=\"15 \u2013 20\" \/><span class=\"wpcf7-list-item-label\">15 \u2013 20<\/span><\/label><\/span><span class=\"wpcf7-list-item\"><label><input type=\"radio\" name=\"arbeitszeit\" value=\"21 \u2013 25\" \/><span class=\"wpcf7-list-item-label\">21 \u2013 25<\/span><\/label><\/span><span class=\"wpcf7-list-item\"><label><input type=\"radio\" name=\"arbeitszeit\" value=\"26 \u2013 30\" \/><span class=\"wpcf7-list-item-label\">26 \u2013 30<\/span><\/label><\/span><span class=\"wpcf7-list-item last\"><label><input type=\"radio\" name=\"arbeitszeit\" value=\"31 \u2013 40\" \/><span class=\"wpcf7-list-item-label\">31 \u2013 40<\/span><\/label><\/span><\/span><\/span>\n<\/p>\n<p><strong>Was ist Ihnen bei der Arbeit besonders wichtig? <sup>*<\/sup><\/strong>\n<\/p>\n<p><span class=\"wpcf7-form-control-wrap\" data-name=\"wertschaetzung\"><span class=\"wpcf7-form-control wpcf7-radio\"><span class=\"wpcf7-list-item first\"><label><input type=\"radio\" name=\"wertschaetzung\" value=\"wertgesch\u00e4tzt werden\" \/><span class=\"wpcf7-list-item-label\">wertgesch\u00e4tzt werden<\/span><\/label><\/span><span class=\"wpcf7-list-item\"><label><input type=\"radio\" name=\"wertschaetzung\" value=\"sehr gute Bezahlungen\" \/><span class=\"wpcf7-list-item-label\">sehr gute Bezahlungen<\/span><\/label><\/span><span class=\"wpcf7-list-item\"><label><input type=\"radio\" name=\"wertschaetzung\" value=\"flexible Arbeitszeiten\" \/><span class=\"wpcf7-list-item-label\">flexible Arbeitszeiten<\/span><\/label><\/span><span class=\"wpcf7-list-item\"><label><input type=\"radio\" name=\"wertschaetzung\" value=\"viel Neues lernen &amp; Abwechslung\" \/><span class=\"wpcf7-list-item-label\">viel Neues lernen &amp; Abwechslung<\/span><\/label><\/span><span class=\"wpcf7-list-item\"><label><input type=\"radio\" name=\"wertschaetzung\" value=\"famili\u00e4res Arbeitsumfeld und Team\" \/><span class=\"wpcf7-list-item-label\">famili\u00e4res Arbeitsumfeld und Team<\/span><\/label><\/span><span class=\"wpcf7-list-item last\"><label><input type=\"radio\" name=\"wertschaetzung\" value=\"eigene Gestaltungsm\u00f6glichkeiten\" \/><span class=\"wpcf7-list-item-label\">eigene Gestaltungsm\u00f6glichkeiten<\/span><\/label><\/span><\/span><\/span>\n<\/p>\n<p><strong>Welche Zusatzqualifikationen haben Sie?<\/strong>\n<\/p>\n<p><span class=\"wpcf7-form-control-wrap\" data-name=\"zusatzqualifikationen\"><textarea cols=\"40\" rows=\"10\" maxlength=\"2000\" class=\"wpcf7-form-control wpcf7-textarea\" aria-invalid=\"false\" placeholder=\"Tragen Sie hier bitte Ihre Zusatzqualifikationen ein.\" name=\"zusatzqualifikationen\"><\/textarea><\/span>\n<\/p>\n<p><strong>Kontaktinformationen<br \/>\n<small>F\u00fcr Ihre Bewerbung ben\u00f6tigen wir folgende Angaben:<\/small><\/strong>\n<\/p>\n<p><span class=\"wpcf7-form-control-wrap\" data-name=\"bewerbung-vorname\"><input size=\"40\" maxlength=\"400\" class=\"wpcf7-form-control wpcf7-text wpcf7-validates-as-required\" aria-required=\"true\" aria-invalid=\"false\" placeholder=\"Ihr Vorname *\" value=\"\" type=\"text\" name=\"bewerbung-vorname\" \/><\/span>\n<\/p>\n<p><span class=\"wpcf7-form-control-wrap\" data-name=\"bewerbung-nachname\"><input size=\"40\" maxlength=\"400\" class=\"wpcf7-form-control wpcf7-text wpcf7-validates-as-required\" aria-required=\"true\" aria-invalid=\"false\" placeholder=\"Ihr Nachname *\" value=\"\" type=\"text\" name=\"bewerbung-nachname\" \/><\/span>\n<\/p>\n<p><span class=\"wpcf7-form-control-wrap\" data-name=\"bewerbung-telefon\"><input size=\"40\" maxlength=\"400\" class=\"wpcf7-form-control wpcf7-text wpcf7-validates-as-required\" aria-required=\"true\" aria-invalid=\"false\" placeholder=\"Ihre Telefonnummer *\" value=\"\" type=\"text\" name=\"bewerbung-telefon\" \/><\/span>\n<\/p>\n<p><span class=\"wpcf7-form-control-wrap\" data-name=\"bewerbung-email-adresse\"><input size=\"40\" maxlength=\"400\" class=\"wpcf7-form-control wpcf7-text wpcf7-validates-as-required\" aria-required=\"true\" aria-invalid=\"false\" placeholder=\"Ihre E-Mailadresse *\" value=\"\" type=\"text\" name=\"bewerbung-email-adresse\" \/><\/span>\n<\/p>\n<p>Hier k\u00f6nnen Sie uns vorab Ihren Lebenslauf als PDF oder ein Foto als JPG\/PNG hochladen (max. 10 MB):\n<\/p>\n<p><span class=\"wpcf7-form-control-wrap\" data-name=\"bewerbung-upload\"><input size=\"40\" class=\"wpcf7-form-control wpcf7-file\" accept=\".pdf,.jpg,.png\" aria-invalid=\"false\" type=\"file\" name=\"bewerbung-upload\" \/><\/span>\n<\/p>\n<p><small>*Pflichtfeld<\/small><br \/>\n<input class=\"wpcf7-form-control wpcf7-submit has-spinner\" type=\"submit\" value=\"Bewerbung senden\" \/>\n<\/p><div class=\"wpcf7-response-output\" aria-hidden=\"true\"><\/div>\n<\/form>\n<\/div>\n<\/div>\n<\/div><\/div>\n<\/div>\n<\/div>\n<\/div>\n<\/div>\n<\/div>\n\n","protected":false},"featured_media":257,"template":"","class_list":["post-1996","jobs","type-jobs","status-publish","has-post-thumbnail","hentry"],"yoast_head":"<!-- This site is optimized with the Yoast SEO plugin v26.9 - https:\/\/yoast.com\/product\/yoast-seo-wordpress\/ -->\n<title>Physiotherapeut:in (m\/w\/d) - Saline Rehabilitationsklinik Halle (Saale)<\/title>\n<meta name=\"robots\" content=\"index, follow, max-snippet:-1, max-image-preview:large, max-video-preview:-1\" \/>\n<link rel=\"canonical\" href=\"https:\/\/reha-flex.de\/saline-rehabilitationsklinik-halle-saale\/jobs\/physiotherapeutin-m-w-d\/\" \/>\n<meta property=\"og:locale\" content=\"de_DE\" \/>\n<meta property=\"og:type\" content=\"article\" \/>\n<meta property=\"og:title\" content=\"Physiotherapeut:in (m\/w\/d) - Saline Rehabilitationsklinik Halle (Saale)\" \/>\n<meta property=\"og:url\" content=\"https:\/\/reha-flex.de\/saline-rehabilitationsklinik-halle-saale\/jobs\/physiotherapeutin-m-w-d\/\" \/>\n<meta property=\"og:site_name\" content=\"Saline Rehabilitationsklinik Halle (Saale)\" \/>\n<meta property=\"article:modified_time\" content=\"2026-02-19T10:10:49+00:00\" \/>\n<meta property=\"og:image\" content=\"http:\/\/reha-flex.de\/wp-content\/uploads\/sites\/2\/2020\/10\/Nachsorge-Gruppe_Faszienrolle.jpg\" \/>\n\t<meta property=\"og:image:width\" content=\"1920\" \/>\n\t<meta property=\"og:image:height\" content=\"1317\" \/>\n\t<meta property=\"og:image:type\" content=\"image\/jpeg\" \/>\n<meta name=\"twitter:card\" content=\"summary_large_image\" \/>\n<meta name=\"twitter:label1\" content=\"Gesch\u00e4tzte Lesezeit\" \/>\n\t<meta name=\"twitter:data1\" content=\"2\u00a0Minuten\" \/>\n<script type=\"application\/ld+json\" class=\"yoast-schema-graph\">{\"@context\":\"https:\/\/schema.org\",\"@graph\":[{\"@type\":\"WebPage\",\"@id\":\"https:\/\/reha-flex.de\/saline-rehabilitationsklinik-halle-saale\/jobs\/physiotherapeutin-m-w-d\/\",\"url\":\"https:\/\/reha-flex.de\/saline-rehabilitationsklinik-halle-saale\/jobs\/physiotherapeutin-m-w-d\/\",\"name\":\"Physiotherapeut:in (m\/w\/d) - Saline Rehabilitationsklinik Halle (Saale)\",\"isPartOf\":{\"@id\":\"https:\/\/reha-flex.de\/saline-rehabilitationsklinik-halle-saale\/#website\"},\"primaryImageOfPage\":{\"@id\":\"https:\/\/reha-flex.de\/saline-rehabilitationsklinik-halle-saale\/jobs\/physiotherapeutin-m-w-d\/#primaryimage\"},\"image\":{\"@id\":\"https:\/\/reha-flex.de\/saline-rehabilitationsklinik-halle-saale\/jobs\/physiotherapeutin-m-w-d\/#primaryimage\"},\"thumbnailUrl\":\"https:\/\/reha-flex.de\/wp-content\/uploads\/sites\/2\/2020\/10\/Nachsorge-Gruppe_Faszienrolle.jpg\",\"datePublished\":\"2025-09-30T12:00:48+00:00\",\"dateModified\":\"2026-02-19T10:10:49+00:00\",\"breadcrumb\":{\"@id\":\"https:\/\/reha-flex.de\/saline-rehabilitationsklinik-halle-saale\/jobs\/physiotherapeutin-m-w-d\/#breadcrumb\"},\"inLanguage\":\"de\",\"potentialAction\":[{\"@type\":\"ReadAction\",\"target\":[\"https:\/\/reha-flex.de\/saline-rehabilitationsklinik-halle-saale\/jobs\/physiotherapeutin-m-w-d\/\"]}]},{\"@type\":\"ImageObject\",\"inLanguage\":\"de\",\"@id\":\"https:\/\/reha-flex.de\/saline-rehabilitationsklinik-halle-saale\/jobs\/physiotherapeutin-m-w-d\/#primaryimage\",\"url\":\"https:\/\/reha-flex.de\/wp-content\/uploads\/sites\/2\/2020\/10\/Nachsorge-Gruppe_Faszienrolle.jpg\",\"contentUrl\":\"https:\/\/reha-flex.de\/wp-content\/uploads\/sites\/2\/2020\/10\/Nachsorge-Gruppe_Faszienrolle.jpg\",\"width\":1920,\"height\":1317,\"caption\":\"Nachsorge mit IRENA\"},{\"@type\":\"BreadcrumbList\",\"@id\":\"https:\/\/reha-flex.de\/saline-rehabilitationsklinik-halle-saale\/jobs\/physiotherapeutin-m-w-d\/#breadcrumb\",\"itemListElement\":[{\"@type\":\"ListItem\",\"position\":1,\"name\":\"Startseite\",\"item\":\"https:\/\/reha-flex.de\/saline-rehabilitationsklinik-halle-saale\/\"},{\"@type\":\"ListItem\",\"position\":2,\"name\":\"Physiotherapeut:in (m\/w\/d)\"}]},{\"@type\":\"WebSite\",\"@id\":\"https:\/\/reha-flex.de\/saline-rehabilitationsklinik-halle-saale\/#website\",\"url\":\"https:\/\/reha-flex.de\/saline-rehabilitationsklinik-halle-saale\/\",\"name\":\"Saline Rehabilitationsklinik Halle (Saale)\",\"description\":\"\",\"potentialAction\":[{\"@type\":\"SearchAction\",\"target\":{\"@type\":\"EntryPoint\",\"urlTemplate\":\"https:\/\/reha-flex.de\/saline-rehabilitationsklinik-halle-saale\/?s={search_term_string}\"},\"query-input\":{\"@type\":\"PropertyValueSpecification\",\"valueRequired\":true,\"valueName\":\"search_term_string\"}}],\"inLanguage\":\"de\"}]}<\/script>\n<!-- \/ Yoast SEO plugin. -->","yoast_head_json":{"title":"Physiotherapeut:in (m\/w\/d) - Saline Rehabilitationsklinik Halle (Saale)","robots":{"index":"index","follow":"follow","max-snippet":"max-snippet:-1","max-image-preview":"max-image-preview:large","max-video-preview":"max-video-preview:-1"},"canonical":"https:\/\/reha-flex.de\/saline-rehabilitationsklinik-halle-saale\/jobs\/physiotherapeutin-m-w-d\/","og_locale":"de_DE","og_type":"article","og_title":"Physiotherapeut:in (m\/w\/d) - Saline Rehabilitationsklinik Halle (Saale)","og_url":"https:\/\/reha-flex.de\/saline-rehabilitationsklinik-halle-saale\/jobs\/physiotherapeutin-m-w-d\/","og_site_name":"Saline Rehabilitationsklinik Halle (Saale)","article_modified_time":"2026-02-19T10:10:49+00:00","og_image":[{"width":1920,"height":1317,"url":"http:\/\/reha-flex.de\/wp-content\/uploads\/sites\/2\/2020\/10\/Nachsorge-Gruppe_Faszienrolle.jpg","type":"image\/jpeg"}],"twitter_card":"summary_large_image","twitter_misc":{"Gesch\u00e4tzte Lesezeit":"2\u00a0Minuten"},"schema":{"@context":"https:\/\/schema.org","@graph":[{"@type":"WebPage","@id":"https:\/\/reha-flex.de\/saline-rehabilitationsklinik-halle-saale\/jobs\/physiotherapeutin-m-w-d\/","url":"https:\/\/reha-flex.de\/saline-rehabilitationsklinik-halle-saale\/jobs\/physiotherapeutin-m-w-d\/","name":"Physiotherapeut:in (m\/w\/d) - Saline Rehabilitationsklinik Halle (Saale)","isPartOf":{"@id":"https:\/\/reha-flex.de\/saline-rehabilitationsklinik-halle-saale\/#website"},"primaryImageOfPage":{"@id":"https:\/\/reha-flex.de\/saline-rehabilitationsklinik-halle-saale\/jobs\/physiotherapeutin-m-w-d\/#primaryimage"},"image":{"@id":"https:\/\/reha-flex.de\/saline-rehabilitationsklinik-halle-saale\/jobs\/physiotherapeutin-m-w-d\/#primaryimage"},"thumbnailUrl":"https:\/\/reha-flex.de\/wp-content\/uploads\/sites\/2\/2020\/10\/Nachsorge-Gruppe_Faszienrolle.jpg","datePublished":"2025-09-30T12:00:48+00:00","dateModified":"2026-02-19T10:10:49+00:00","breadcrumb":{"@id":"https:\/\/reha-flex.de\/saline-rehabilitationsklinik-halle-saale\/jobs\/physiotherapeutin-m-w-d\/#breadcrumb"},"inLanguage":"de","potentialAction":[{"@type":"ReadAction","target":["https:\/\/reha-flex.de\/saline-rehabilitationsklinik-halle-saale\/jobs\/physiotherapeutin-m-w-d\/"]}]},{"@type":"ImageObject","inLanguage":"de","@id":"https:\/\/reha-flex.de\/saline-rehabilitationsklinik-halle-saale\/jobs\/physiotherapeutin-m-w-d\/#primaryimage","url":"https:\/\/reha-flex.de\/wp-content\/uploads\/sites\/2\/2020\/10\/Nachsorge-Gruppe_Faszienrolle.jpg","contentUrl":"https:\/\/reha-flex.de\/wp-content\/uploads\/sites\/2\/2020\/10\/Nachsorge-Gruppe_Faszienrolle.jpg","width":1920,"height":1317,"caption":"Nachsorge mit IRENA"},{"@type":"BreadcrumbList","@id":"https:\/\/reha-flex.de\/saline-rehabilitationsklinik-halle-saale\/jobs\/physiotherapeutin-m-w-d\/#breadcrumb","itemListElement":[{"@type":"ListItem","position":1,"name":"Startseite","item":"https:\/\/reha-flex.de\/saline-rehabilitationsklinik-halle-saale\/"},{"@type":"ListItem","position":2,"name":"Physiotherapeut:in (m\/w\/d)"}]},{"@type":"WebSite","@id":"https:\/\/reha-flex.de\/saline-rehabilitationsklinik-halle-saale\/#website","url":"https:\/\/reha-flex.de\/saline-rehabilitationsklinik-halle-saale\/","name":"Saline Rehabilitationsklinik Halle (Saale)","description":"","potentialAction":[{"@type":"SearchAction","target":{"@type":"EntryPoint","urlTemplate":"https:\/\/reha-flex.de\/saline-rehabilitationsklinik-halle-saale\/?s={search_term_string}"},"query-input":{"@type":"PropertyValueSpecification","valueRequired":true,"valueName":"search_term_string"}}],"inLanguage":"de"}]}},"_links":{"self":[{"href":"https:\/\/reha-flex.de\/saline-rehabilitationsklinik-halle-saale\/wp-json\/wp\/v2\/jobs\/1996","targetHints":{"allow":["GET"]}}],"collection":[{"href":"https:\/\/reha-flex.de\/saline-rehabilitationsklinik-halle-saale\/wp-json\/wp\/v2\/jobs"}],"about":[{"href":"https:\/\/reha-flex.de\/saline-rehabilitationsklinik-halle-saale\/wp-json\/wp\/v2\/types\/jobs"}],"wp:featuredmedia":[{"embeddable":true,"href":"https:\/\/reha-flex.de\/saline-rehabilitationsklinik-halle-saale\/wp-json\/wp\/v2\/media\/257"}],"wp:attachment":[{"href":"https:\/\/reha-flex.de\/saline-rehabilitationsklinik-halle-saale\/wp-json\/wp\/v2\/media?parent=1996"}],"curies":[{"name":"wp","href":"https:\/\/api.w.org\/{rel}","templated":true}]}}